{"id":8314,"date":"2023-05-28T14:33:41","date_gmt":"2023-05-28T14:33:41","guid":{"rendered":"https:\/\/sutusummit.com\/?post_type=speakers&#038;p=8314"},"modified":"2023-09-23T04:37:25","modified_gmt":"2023-09-23T04:37:25","slug":"lola-higueras","status":"publish","type":"speakers","link":"https:\/\/sutusummit.com\/es\/speakers\/lola-higueras\/","title":{"rendered":"Lola Higueras"},"content":{"rendered":"<p><span style=\"font-weight: 400;\">M\u00aa Dolores Higueras Rodr\u00edguez.\u00a0 Nace en Madrid en 1945, es Americanista. Catedr\u00e1tica de H\u00aa del Arte. Buceadora, arque\u00f3loga naval y Directora T\u00e9cnica del Museo Naval de Madrid, hasta su jubilaci\u00f3n en 2005.<\/span><\/p>\n<p><span style=\"font-weight: 400;\">Desde muy joven, Lola Higueras pudo simultanear sus\u00a0 grandes pasiones: el buceo, la investigaci\u00f3n americanista y naval, la docencia y los viajes.<\/span><\/p>\n<p><span style=\"font-weight: 400;\">En el \u00e1mbito de la Arqueolog\u00eda Subacu\u00e1tica desarrolla una intensa labor, primero desde la Junta Nacional de Arqueolog\u00eda y despu\u00e9s desde el Centro de Estudios Hist\u00f3rico-Navales Subacu\u00e1ticos del Museo Naval en el que\u00a0 a trav\u00e9s de sus investigaciones ha logrado documentar en diversos archivos,\u00a0 mas de 2000 naufragios hist\u00f3ricos espa\u00f1oles .<\/span><\/p>\n<p><span style=\"font-weight: 400;\">\u00a0Presente en\u00a0 numerosos congresos profesionales de buceo desde 1970, extendi\u00f3 y difundi\u00f3 esta disciplina cient\u00edfica, impartiendo cursos en diversas universidades. Ha comisariado importantes exposiciones y participando en numerosos programas de Radio y TV para difundir el rico patrimonio sumergido espa\u00f1ol y promover su defensa. As\u00ed como el conocimiento y difusi\u00f3n del patrimonio hist\u00f3rico naval espa\u00f1ol.<\/span><\/p>\n<p><span style=\"font-weight: 400;\">Pero sin duda su dedicaci\u00f3n m\u00e1s importante ha sido el estudio y la difusi\u00f3n de la Historia Mar\u00edtima espa\u00f1ola y muy en particular la Marina ilustrada y los viajes cient\u00edfico-mar\u00edtimos\u00a0 a Am\u00e9rica y el Pac\u00edfico en el Siglo XVIII.\u00a0<\/span><\/p>\n<p><span style=\"font-weight: 400;\">M\u00e1s de 90\u00a0 libros y art\u00edculos avalan su trayectoria en estas disciplinas cient\u00edficas. Ha comisariado importantes exposiciones\u00a0 para difundir, entre el gran p\u00fablico, el valor del patrimonio naval espa\u00f1ol\u00a0 y las grandes expediciones mar\u00edtimo- cient\u00edficas de la Ilustraci\u00f3n.\u00a0<\/span><\/p>\n<p><span style=\"font-weight: 400;\">En esta misma l\u00ednea ha presentado ponencias y moderado sesiones cient\u00edficas en m\u00e1s de 70 congresos en todo el mundo.<\/span><\/p>\n<p><span style=\"font-weight: 400;\">En el \u00e1mbito editorial ha desarrollado una intensa labor. Entre sus logros m\u00e1s destacados figuran la coordinaci\u00f3n cient\u00edfica de la monumental publicaci\u00f3n de\u201d Fuentes de la Expedici\u00f3n de Malaspina y Bustamante 1789-1794\u201d, en nueve grandes vol\u00famenes, as\u00ed como la Direcci\u00f3n de la serie \u201cCiencia y Mar\u201d de la editorial Lunwerg, en la que se han editado grandes obras de investigaci\u00f3n y facs\u00edmiles de excepcional valor. Esta serie constituye sin duda el esfuerzo editorial m\u00e1s importante llevado a cabo en Espa\u00f1a para el conocimiento de la historia y el patrimonio\u00a0 mar\u00edtimo\u00a0 espa\u00f1ol.<\/span><\/p>\n<p><span style=\"font-weight: 400;\">Su intensa vida profesional la ha llevado a impartir cursos en numerosas Universidades de Espa\u00f1a y Am\u00e9rica. Es miembro de relevantes\u00a0 Sociedades e Instituciones nacionales e internacionales y ha recibido muchas distinciones profesionales entre las que destacan el nombramiento de \u201cColaboradora de Honor\u201d del Departamento de H\u00aa de Am\u00e9rica I de la Universidad Complutense de Madrid. La Placa de Honor del Centro di Studi Malaspiniani. Italia. El de \u201cBuceadora de Honor \u201cdel Centro de Buceo\u00a0 de la Armada Espa\u00f1ola que la ha distinguido tambi\u00e9n con dos Cruces al M\u00e9rito Naval. En 2005\u00a0 fue nombrada \u201cMiembro de Honor\u201d de la Sociedad Geogr\u00e1fica Espa\u00f1ola.<\/span><\/p>\n<p><span style=\"font-weight: 400;\">Es Acad\u00e9mica Correspondiente de la Academia Nacional de la Historia Argentina y de la Real Academia de la Historia Espa\u00f1ola.<\/span><\/p>\n<p><span style=\"font-weight: 400;\">Desde 2005 a 2015 ha sido miembro del Real Patronato del Museo Naval de Madrid.<\/span><\/p>\n<p><span style=\"font-weight: 400;\">En 2008\u00a0 La Fundaci\u00f3n Alvargonz\u00e1lez en colaboraci\u00f3n con el Museo Naval de Madrid, edita la obra \u201dNavegare necesse es.\u00a0 Estudios de Historia mar\u00edtima en honor de Lola Higueras\u201d En la que participan importantes estudiosos de todo el mundo.<\/span><\/p>\n<p><span style=\"font-weight: 400;\">Ha sido vicepresidenta de la Sociedad Geogr\u00e1fica Espa\u00f1ola hasta\u00a0 mayo de 2022 y forma\u00a0 parte del Comit\u00e9 de Redacci\u00f3n de su Revista.\u00a0<\/span><\/p>\n<p><span style=\"font-weight: 400;\">En diciembre de 2018 fue nombrada Patrona de la Fundaci\u00f3n Alvargonz\u00e1lez\u00a0 de Gij\u00f3n.<\/span><\/p>\n<p><span style=\"font-weight: 400;\">\u00a0En noviembre de 2018 se public\u00f3 bajo su direcci\u00f3n cient\u00edfica la obra \u201cLa vuelta al mundo de Magallanes-Elcano. La aventura imposible 1519-1522\u201d Obra muy ambiciosa publicada por Lunwerg- Planeta con el respaldo de la Comisi\u00f3n V Centenario de la Primera Vuelta al Mundo y del Instituto Cervantes. Con este motivo, ha impartido conferencias en Palermo, Pek\u00edn, Shangh\u00e1i y\u00a0 Tokio y Nagoya , as\u00ed como en diversas ciudades espa\u00f1olas.<\/span><\/p>\n<p><span style=\"font-weight: 400;\">Su \u00faltima\u00a0 publicaci\u00f3n, editada por Planeta para la empresa Accenture en 2021\u00a0 es la obra \u201cMagallanes-Elcano. Una nueva visi\u00f3n del mundo\u201d. En colaboraci\u00f3n con Albert Bosch. Obra muy importante desde el punto de vista editorial.<\/span><\/p>\n<p><span style=\"font-weight: 400;\">En octubre de 2022, recibe en Tenerife. el Premio Periplo de Investigaci\u00f3n. Por sus trabajos hist\u00f3ricos en torno al viaje y los descubrimientos. Con ese motivo fue entrevistada en una extensa charla por Rosa Mar\u00eda Calaf,\u00a0 en torno al tema \u201cMi vida frente al mar\u201d.<\/span><\/p>\n<p><span style=\"font-weight: 400;\">En diciembre de 2022 es nombrada Acad\u00e9mica Correspondiente de la Real Academia de la Mar.<\/span><\/p>\n<p><span style=\"font-weight: 400;\">\u00a0<\/span><\/p>\n","protected":false},"featured_media":8308,"template":"","edition":[220],"class_list":["post-8314","speakers","type-speakers","status-publish","has-post-thumbnail","hentry","edition-2023-es"],"acf":[],"yoast_head":"<!-- This site is optimized with the Yoast SEO plugin v27.5 - https:\/\/yoast.com\/product\/yoast-seo-wordpress\/ -->\n<title>Lola Higueras - SUTUS<\/title>\n<meta name=\"robots\" content=\"index, follow, max-snippet:-1, max-image-preview:large, max-video-preview:-1\" \/>\n<link rel=\"canonical\" href=\"https:\/\/sutusummit.com\/speakers\/lola-higueras\/\" \/>\n<meta property=\"og:locale\" content=\"es_ES\" \/>\n<meta property=\"og:type\" content=\"article\" \/>\n<meta property=\"og:title\" content=\"Lola Higueras - SUTUS\" \/>\n<meta property=\"og:description\" content=\"M\u00aa Dolores Higueras Rodr\u00edguez.\u00a0 Nace en Madrid en 1945, es Americanista. Catedr\u00e1tica de H\u00aa del Arte. Buceadora, arque\u00f3loga naval y Directora T\u00e9cnica del Museo Naval de Madrid, hasta su jubilaci\u00f3n en 2005. Desde muy joven, Lola Higueras pudo simultanear sus\u00a0 grandes pasiones: el buceo, la investigaci\u00f3n americanista y naval, la docencia y los viajes. En [&hellip;]\" \/>\n<meta property=\"og:url\" content=\"https:\/\/sutusummit.com\/speakers\/lola-higueras\/\" \/>\n<meta property=\"og:site_name\" content=\"SUTUS\" \/>\n<meta property=\"article:modified_time\" content=\"2023-09-23T04:37:25+00:00\" \/>\n<meta property=\"og:image\" content=\"https:\/\/sutusummit.com\/web\/wp-content\/uploads\/2023\/08\/Lola-Higueras.jpg\" \/>\n\t<meta property=\"og:image:width\" content=\"400\" \/>\n\t<meta property=\"og:image:height\" content=\"400\" \/>\n\t<meta property=\"og:image:type\" content=\"image\/jpeg\" \/>\n<meta name=\"twitter:card\" content=\"summary_large_image\" \/>\n<meta name=\"twitter:label1\" content=\"Tiempo de lectura\" \/>\n\t<meta name=\"twitter:data1\" content=\"4 minutos\" \/>\n<script type=\"application\/ld+json\" class=\"yoast-schema-graph\">{\"@context\":\"https:\\\/\\\/schema.org\",\"@graph\":[{\"@type\":\"WebPage\",\"@id\":\"https:\\\/\\\/sutusummit.com\\\/speakers\\\/lola-higueras\\\/\",\"url\":\"https:\\\/\\\/sutusummit.com\\\/speakers\\\/lola-higueras\\\/\",\"name\":\"Lola Higueras - SUTUS\",\"isPartOf\":{\"@id\":\"https:\\\/\\\/sutusummit.com\\\/#website\"},\"primaryImageOfPage\":{\"@id\":\"https:\\\/\\\/sutusummit.com\\\/speakers\\\/lola-higueras\\\/#primaryimage\"},\"image\":{\"@id\":\"https:\\\/\\\/sutusummit.com\\\/speakers\\\/lola-higueras\\\/#primaryimage\"},\"thumbnailUrl\":\"https:\\\/\\\/sutusummit.com\\\/web\\\/wp-content\\\/uploads\\\/2023\\\/08\\\/Lola-Higueras.jpg\",\"datePublished\":\"2023-05-28T14:33:41+00:00\",\"dateModified\":\"2023-09-23T04:37:25+00:00\",\"breadcrumb\":{\"@id\":\"https:\\\/\\\/sutusummit.com\\\/speakers\\\/lola-higueras\\\/#breadcrumb\"},\"inLanguage\":\"es\",\"potentialAction\":[{\"@type\":\"ReadAction\",\"target\":[\"https:\\\/\\\/sutusummit.com\\\/speakers\\\/lola-higueras\\\/\"]}]},{\"@type\":\"ImageObject\",\"inLanguage\":\"es\",\"@id\":\"https:\\\/\\\/sutusummit.com\\\/speakers\\\/lola-higueras\\\/#primaryimage\",\"url\":\"https:\\\/\\\/sutusummit.com\\\/web\\\/wp-content\\\/uploads\\\/2023\\\/08\\\/Lola-Higueras.jpg\",\"contentUrl\":\"https:\\\/\\\/sutusummit.com\\\/web\\\/wp-content\\\/uploads\\\/2023\\\/08\\\/Lola-Higueras.jpg\",\"width\":400,\"height\":400},{\"@type\":\"BreadcrumbList\",\"@id\":\"https:\\\/\\\/sutusummit.com\\\/speakers\\\/lola-higueras\\\/#breadcrumb\",\"itemListElement\":[{\"@type\":\"ListItem\",\"position\":1,\"name\":\"Portada\",\"item\":\"https:\\\/\\\/sutusummit.com\\\/es\\\/\"},{\"@type\":\"ListItem\",\"position\":2,\"name\":\"Lola Higueras\"}]},{\"@type\":\"WebSite\",\"@id\":\"https:\\\/\\\/sutusummit.com\\\/#website\",\"url\":\"https:\\\/\\\/sutusummit.com\\\/\",\"name\":\"SUTUS\",\"description\":\"Space &amp; Underwater Tourism Universal Summit\",\"publisher\":{\"@id\":\"https:\\\/\\\/sutusummit.com\\\/#organization\"},\"potentialAction\":[{\"@type\":\"SearchAction\",\"target\":{\"@type\":\"EntryPoint\",\"urlTemplate\":\"https:\\\/\\\/sutusummit.com\\\/?s={search_term_string}\"},\"query-input\":{\"@type\":\"PropertyValueSpecification\",\"valueRequired\":true,\"valueName\":\"search_term_string\"}}],\"inLanguage\":\"es\"},{\"@type\":\"Organization\",\"@id\":\"https:\\\/\\\/sutusummit.com\\\/#organization\",\"name\":\"SUTUS\",\"url\":\"https:\\\/\\\/sutusummit.com\\\/\",\"logo\":{\"@type\":\"ImageObject\",\"inLanguage\":\"es\",\"@id\":\"https:\\\/\\\/sutusummit.com\\\/#\\\/schema\\\/logo\\\/image\\\/\",\"url\":\"https:\\\/\\\/sutusummit.com\\\/web\\\/wp-content\\\/uploads\\\/2019\\\/01\\\/sutuscolor.png\",\"contentUrl\":\"https:\\\/\\\/sutusummit.com\\\/web\\\/wp-content\\\/uploads\\\/2019\\\/01\\\/sutuscolor.png\",\"width\":268,\"height\":85,\"caption\":\"SUTUS\"},\"image\":{\"@id\":\"https:\\\/\\\/sutusummit.com\\\/#\\\/schema\\\/logo\\\/image\\\/\"}}]}<\/script>\n<!-- \/ Yoast SEO plugin. -->","yoast_head_json":{"title":"Lola Higueras - SUTUS","robots":{"index":"index","follow":"follow","max-snippet":"max-snippet:-1","max-image-preview":"max-image-preview:large","max-video-preview":"max-video-preview:-1"},"canonical":"https:\/\/sutusummit.com\/speakers\/lola-higueras\/","og_locale":"es_ES","og_type":"article","og_title":"Lola Higueras - SUTUS","og_description":"M\u00aa Dolores Higueras Rodr\u00edguez.\u00a0 Nace en Madrid en 1945, es Americanista. Catedr\u00e1tica de H\u00aa del Arte. Buceadora, arque\u00f3loga naval y Directora T\u00e9cnica del Museo Naval de Madrid, hasta su jubilaci\u00f3n en 2005. Desde muy joven, Lola Higueras pudo simultanear sus\u00a0 grandes pasiones: el buceo, la investigaci\u00f3n americanista y naval, la docencia y los viajes. En [&hellip;]","og_url":"https:\/\/sutusummit.com\/speakers\/lola-higueras\/","og_site_name":"SUTUS","article_modified_time":"2023-09-23T04:37:25+00:00","og_image":[{"width":400,"height":400,"url":"https:\/\/sutusummit.com\/web\/wp-content\/uploads\/2023\/08\/Lola-Higueras.jpg","type":"image\/jpeg"}],"twitter_card":"summary_large_image","twitter_misc":{"Tiempo de lectura":"4 minutos"},"schema":{"@context":"https:\/\/schema.org","@graph":[{"@type":"WebPage","@id":"https:\/\/sutusummit.com\/speakers\/lola-higueras\/","url":"https:\/\/sutusummit.com\/speakers\/lola-higueras\/","name":"Lola Higueras - SUTUS","isPartOf":{"@id":"https:\/\/sutusummit.com\/#website"},"primaryImageOfPage":{"@id":"https:\/\/sutusummit.com\/speakers\/lola-higueras\/#primaryimage"},"image":{"@id":"https:\/\/sutusummit.com\/speakers\/lola-higueras\/#primaryimage"},"thumbnailUrl":"https:\/\/sutusummit.com\/web\/wp-content\/uploads\/2023\/08\/Lola-Higueras.jpg","datePublished":"2023-05-28T14:33:41+00:00","dateModified":"2023-09-23T04:37:25+00:00","breadcrumb":{"@id":"https:\/\/sutusummit.com\/speakers\/lola-higueras\/#breadcrumb"},"inLanguage":"es","potentialAction":[{"@type":"ReadAction","target":["https:\/\/sutusummit.com\/speakers\/lola-higueras\/"]}]},{"@type":"ImageObject","inLanguage":"es","@id":"https:\/\/sutusummit.com\/speakers\/lola-higueras\/#primaryimage","url":"https:\/\/sutusummit.com\/web\/wp-content\/uploads\/2023\/08\/Lola-Higueras.jpg","contentUrl":"https:\/\/sutusummit.com\/web\/wp-content\/uploads\/2023\/08\/Lola-Higueras.jpg","width":400,"height":400},{"@type":"BreadcrumbList","@id":"https:\/\/sutusummit.com\/speakers\/lola-higueras\/#breadcrumb","itemListElement":[{"@type":"ListItem","position":1,"name":"Portada","item":"https:\/\/sutusummit.com\/es\/"},{"@type":"ListItem","position":2,"name":"Lola Higueras"}]},{"@type":"WebSite","@id":"https:\/\/sutusummit.com\/#website","url":"https:\/\/sutusummit.com\/","name":"SUTUS","description":"Space &amp; Underwater Tourism Universal Summit","publisher":{"@id":"https:\/\/sutusummit.com\/#organization"},"potentialAction":[{"@type":"SearchAction","target":{"@type":"EntryPoint","urlTemplate":"https:\/\/sutusummit.com\/?s={search_term_string}"},"query-input":{"@type":"PropertyValueSpecification","valueRequired":true,"valueName":"search_term_string"}}],"inLanguage":"es"},{"@type":"Organization","@id":"https:\/\/sutusummit.com\/#organization","name":"SUTUS","url":"https:\/\/sutusummit.com\/","logo":{"@type":"ImageObject","inLanguage":"es","@id":"https:\/\/sutusummit.com\/#\/schema\/logo\/image\/","url":"https:\/\/sutusummit.com\/web\/wp-content\/uploads\/2019\/01\/sutuscolor.png","contentUrl":"https:\/\/sutusummit.com\/web\/wp-content\/uploads\/2019\/01\/sutuscolor.png","width":268,"height":85,"caption":"SUTUS"},"image":{"@id":"https:\/\/sutusummit.com\/#\/schema\/logo\/image\/"}}]}},"_links":{"self":[{"href":"https:\/\/sutusummit.com\/es\/wp-json\/wp\/v2\/speakers\/8314","targetHints":{"allow":["GET"]}}],"collection":[{"href":"https:\/\/sutusummit.com\/es\/wp-json\/wp\/v2\/speakers"}],"about":[{"href":"https:\/\/sutusummit.com\/es\/wp-json\/wp\/v2\/types\/speakers"}],"wp:featuredmedia":[{"embeddable":true,"href":"https:\/\/sutusummit.com\/es\/wp-json\/wp\/v2\/media\/8308"}],"wp:attachment":[{"href":"https:\/\/sutusummit.com\/es\/wp-json\/wp\/v2\/media?parent=8314"}],"wp:term":[{"taxonomy":"edition","embeddable":true,"href":"https:\/\/sutusummit.com\/es\/wp-json\/wp\/v2\/edition?post=8314"}],"curies":[{"name":"wp","href":"https:\/\/api.w.org\/{rel}","templated":true}]}}